{"id":471,"date":"2015-11-09T20:46:00","date_gmt":"2015-11-09T19:46:00","guid":{"rendered":"http:\/\/majnika.si\/?page_id=471"},"modified":"2020-12-29T22:28:16","modified_gmt":"2020-12-29T21:28:16","slug":"v-medijih","status":"publish","type":"page","link":"http:\/\/vrt.majnika.si\/it\/v-medijih\/","title":{"rendered":"V medijih"},"content":{"rendered":"<p><div class='av-hotspot-image-container avia_animate_when_almost_visible   av-hotspot-numbered av-mobile-fallback-active    av-non-fullwidth-hotspot-image '  itemprop=\"ImageObject\" itemscope=\"itemscope\" itemtype=\"https:\/\/schema.org\/ImageObject\"  ><div class='av-hotspot-container'><div class='av-hotspot-container-inner-cell'><div class='av-hotspot-container-inner-wrap'><img class='avia_image ' src='http:\/\/vrt.majnika.si\/wp-content\/uploads\/2015\/11\/pasica-mediji-2-1500x250.jpg' alt='' title='pasica-mediji'  height=\"250\"width=\"1500\"  itemprop=\"thumbnailUrl\"  \/><\/div><\/div><\/div><\/div><\/p>\n<p><div  data-autoplay=''  data-interval='5'  data-animation='fade'  data-show_slide_delay='90'  class='avia-content-slider avia-content-grid-active avia-content-slider1 avia-content-slider-odd  '  itemscope=\"itemscope\" itemtype=\"https:\/\/schema.org\/Blog\" ><div class='avia-content-slider-inner'><div class='slide-entry-wrap'><article class='slide-entry flex_column  post-entry post-entry-1111 slide-entry-overview slide-loop-1 slide-parity-odd  av_one_third first real-thumbnail'  itemscope=\"itemscope\" itemtype=\"https:\/\/schema.org\/BlogPosting\" itemprop=\"blogPost\" ><a href='http:\/\/vrt.majnika.si\/it\/lojtrca-domacih-v-lidlu-clanek-v-slovenskih-novicah\/' data-rel='slide-1' class='slide-image' title=''><img width=\"495\" height=\"400\" src=\"http:\/\/vrt.majnika.si\/wp-content\/uploads\/2017\/07\/\u010clanek-Slovenske-novice-495x400.jpg\" class=\"attachment-portfolio size-portfolio wp-post-image\" alt=\"\" loading=\"lazy\" srcset=\"http:\/\/vrt.majnika.si\/wp-content\/uploads\/2017\/07\/\u010clanek-Slovenske-novice-495x400.jpg 495w, http:\/\/vrt.majnika.si\/wp-content\/uploads\/2017\/07\/\u010clanek-Slovenske-novice-845x684.jpg 845w\" sizes=\"(max-width: 495px) 100vw, 495px\" \/><\/a><div class='slide-content'><header class=\"entry-content-header\"><h3 class='slide-entry-title entry-title'  itemprop=\"headline\" ><a href='http:\/\/vrt.majnika.si\/it\/lojtrca-domacih-v-lidlu-clanek-v-slovenskih-novicah\/' title='(Sloven\u0161\u010dina) LOJTR&#039;CA DOMA\u010cIH V LIDLU - \u010dlanek v Slovenskih novicah'>(Sloven\u0161\u010dina) LOJTR'CA DOMA\u010cIH V LIDLU - \u010dlanek v Slovenskih novicah<\/a><\/h3><span class=\"av-vertical-delimiter\"><\/span><\/header><div class='slide-meta'><time class='slide-meta-time updated'  itemprop=\"datePublished\" datetime=\"2017-07-27T12:11:36+00:00\" >27. 7. 2017<\/time><\/div><div class='slide-entry-excerpt entry-content'  itemprop=\"text\" >Ci spiace, ma questo articolo \u00e8 disponibile soltanto in Slo\u2026<div class=\"read-more-link\"><a href=\"http:\/\/vrt.majnika.si\/it\/lojtrca-domacih-v-lidlu-clanek-v-slovenskih-novicah\/\" class=\"more-link\">Continua a leggere<span class=\"more-link-arrow\"><\/span><\/a><\/div><\/div><\/div><footer class=\"entry-footer\"><\/footer><span class='hidden'>\n\t\t\t<span class='av-structured-data'  itemprop=\"ImageObject\" itemscope=\"itemscope\" itemtype=\"https:\/\/schema.org\/ImageObject\"  itemprop='image'>\n\t\t\t\t\t   <span itemprop='url' >http:\/\/vrt.majnika.si\/wp-content\/uploads\/2017\/07\/\u010clanek-Slovenske-novice.jpg<\/span>\n\t\t\t\t\t   <span itemprop='height' >2322<\/span>\n\t\t\t\t\t   <span itemprop='width' >4128<\/span>\n\t\t\t\t  <\/span><span class='av-structured-data'  itemprop=\"publisher\" itemtype=\"https:\/\/schema.org\/Organization\" itemscope=\"itemscope\" >\n\t\t\t\t<span itemprop='name'>Katja Temnik<\/span>\n\t\t\t\t<span itemprop='logo' itemscope itemtype='http:\/\/schema.org\/ImageObject'>\n\t\t\t\t   <span itemprop='url'>http:\/\/majnika.si\/wp-content\/uploads\/2016\/01\/Napis-Majnika-2.png<\/span>\n\t\t\t\t <\/span>\n\t\t\t  <\/span><span class='av-structured-data'  itemprop=\"author\" itemscope=\"itemscope\" itemtype=\"https:\/\/schema.org\/Person\" ><span itemprop='name'>Katja Temnik<\/span><\/span><span class='av-structured-data'  itemprop=\"datePublished\" datetime=\"2016-01-15T23:24:53+00:00\" >2017-07-27 12:11:36<\/span><span class='av-structured-data'  itemprop=\"dateModified\" itemtype=\"https:\/\/schema.org\/dateModified\" >2017-07-27 12:26:32<\/span><span class='av-structured-data'  itemprop=\"mainEntityOfPage\" itemtype=\"https:\/\/schema.org\/mainEntityOfPage\" ><span itemprop='name'>(Sloven\u0161\u010dina) LOJTR'CA DOMA\u010cIH V LIDLU - \u010dlanek v Slovenskih novicah<\/span><\/span><\/span><\/article><article class='slide-entry flex_column  post-entry post-entry-1106 slide-entry-overview slide-loop-2 slide-parity-even  av_one_third  real-thumbnail'  itemscope=\"itemscope\" itemtype=\"https:\/\/schema.org\/BlogPosting\" itemprop=\"blogPost\" ><a href='http:\/\/vrt.majnika.si\/it\/domaca-lekarna-oddaja-dobro-jutro\/' data-rel='slide-1' class='slide-image' title=''><img width=\"495\" height=\"400\" src=\"http:\/\/vrt.majnika.si\/wp-content\/uploads\/2017\/07\/Dobro-jutro-22-6-2017-Majda-in-David-495x400.jpg\" class=\"attachment-portfolio size-portfolio wp-post-image\" alt=\"\" loading=\"lazy\" srcset=\"http:\/\/vrt.majnika.si\/wp-content\/uploads\/2017\/07\/Dobro-jutro-22-6-2017-Majda-in-David-495x400.jpg 495w, http:\/\/vrt.majnika.si\/wp-content\/uploads\/2017\/07\/Dobro-jutro-22-6-2017-Majda-in-David-845x684.jpg 845w\" sizes=\"(max-width: 495px) 100vw, 495px\" \/><\/a><div class='slide-content'><header class=\"entry-content-header\"><h3 class='slide-entry-title entry-title'  itemprop=\"headline\" ><a href='http:\/\/vrt.majnika.si\/it\/domaca-lekarna-oddaja-dobro-jutro\/' title='(Sloven\u0161\u010dina) Video: Doma\u010da lekarna - oddaja DOBRO JUTRO - vse o KAMILICI'>(Sloven\u0161\u010dina) Video: Doma\u010da lekarna - oddaja DOBRO JUTRO - vse o KAMILICI<\/a><\/h3><span class=\"av-vertical-delimiter\"><\/span><\/header><div class='slide-meta'><time class='slide-meta-time updated'  itemprop=\"datePublished\" datetime=\"2017-07-27T11:45:58+00:00\" >27. 7. 2017<\/time><\/div><div class='slide-entry-excerpt entry-content'  itemprop=\"text\" >Ci spiace, ma questo articolo \u00e8 disponibile soltanto in Slo\u2026<div class=\"read-more-link\"><a href=\"http:\/\/vrt.majnika.si\/it\/domaca-lekarna-oddaja-dobro-jutro\/\" class=\"more-link\">Continua a leggere<span class=\"more-link-arrow\"><\/span><\/a><\/div><\/div><\/div><footer class=\"entry-footer\"><\/footer><span class='hidden'>\n\t\t\t<span class='av-structured-data'  itemprop=\"ImageObject\" itemscope=\"itemscope\" itemtype=\"https:\/\/schema.org\/ImageObject\"  itemprop='image'>\n\t\t\t\t\t   <span itemprop='url' >http:\/\/vrt.majnika.si\/wp-content\/uploads\/2017\/07\/Dobro-jutro-22-6-2017-Majda-in-David.jpg<\/span>\n\t\t\t\t\t   <span itemprop='height' >2448<\/span>\n\t\t\t\t\t   <span itemprop='width' >3264<\/span>\n\t\t\t\t  <\/span><span class='av-structured-data'  itemprop=\"publisher\" itemtype=\"https:\/\/schema.org\/Organization\" itemscope=\"itemscope\" >\n\t\t\t\t<span itemprop='name'>Katja Temnik<\/span>\n\t\t\t\t<span itemprop='logo' itemscope itemtype='http:\/\/schema.org\/ImageObject'>\n\t\t\t\t   <span itemprop='url'>http:\/\/majnika.si\/wp-content\/uploads\/2016\/01\/Napis-Majnika-2.png<\/span>\n\t\t\t\t <\/span>\n\t\t\t  <\/span><span class='av-structured-data'  itemprop=\"author\" itemscope=\"itemscope\" itemtype=\"https:\/\/schema.org\/Person\" ><span itemprop='name'>Katja Temnik<\/span><\/span><span class='av-structured-data'  itemprop=\"datePublished\" datetime=\"2016-01-15T23:24:53+00:00\" >2017-07-27 11:45:58<\/span><span class='av-structured-data'  itemprop=\"dateModified\" itemtype=\"https:\/\/schema.org\/dateModified\" >2017-07-27 12:08:22<\/span><span class='av-structured-data'  itemprop=\"mainEntityOfPage\" itemtype=\"https:\/\/schema.org\/mainEntityOfPage\" ><span itemprop='name'>(Sloven\u0161\u010dina) Video: Doma\u010da lekarna - oddaja DOBRO JUTRO - vse o KAMILICI<\/span><\/span><\/span><\/article><article class='slide-entry flex_column  post-entry post-entry-1082 slide-entry-overview slide-loop-3 slide-parity-odd  av_one_third  real-thumbnail'  itemscope=\"itemscope\" itemtype=\"https:\/\/schema.org\/BlogPosting\" itemprop=\"blogPost\" ><a href='http:\/\/vrt.majnika.si\/it\/video-kako-se-boriti-proti-nespecnosti-z-zelisci-dobro-jutro-slovenija-majda-temnik-16-2-2017\/' data-rel='slide-1' class='slide-image' title=''><img width=\"495\" height=\"400\" src=\"http:\/\/vrt.majnika.si\/wp-content\/uploads\/2017\/03\/Naravna-pomo\u010d-pri-nespe\u010dnosti-495x400.jpg\" class=\"attachment-portfolio size-portfolio wp-post-image\" alt=\"Zeli\u0161\u010dna me\u0161anica za pomo\u010d pri nespe\u010dnosti.\" loading=\"lazy\" \/><\/a><div class='slide-content'><header class=\"entry-content-header\"><h3 class='slide-entry-title entry-title'  itemprop=\"headline\" ><a href='http:\/\/vrt.majnika.si\/it\/video-kako-se-boriti-proti-nespecnosti-z-zelisci-dobro-jutro-slovenija-majda-temnik-16-2-2017\/' title='Video: Kako se boriti proti nespe\u010dnosti z zeli\u0161\u010di? (Dobro jutro Slovenija: Majda Temnik 16.2.2017)'>Video: Kako se boriti proti nespe\u010dnosti z zeli\u0161\u010di? (Dobro jutro Slovenija: Majda Temnik 16.2.2017)<\/a><\/h3><span class=\"av-vertical-delimiter\"><\/span><\/header><div class='slide-meta'><time class='slide-meta-time updated'  itemprop=\"datePublished\" datetime=\"2017-03-12T12:41:48+00:00\" >12. 3. 2017<\/time><\/div><div class='slide-entry-excerpt entry-content'  itemprop=\"text\" >\r\n\r\n<div class=\"read-more-link\"><a href=\"http:\/\/vrt.majnika.si\/it\/video-kako-se-boriti-proti-nespecnosti-z-zelisci-dobro-jutro-slovenija-majda-temnik-16-2-2017\/\" class=\"more-link\">Continua a leggere<span class=\"more-link-arrow\"><\/span><\/a><\/div><\/div><\/div><footer class=\"entry-footer\"><\/footer><span class='hidden'>\n\t\t\t<span class='av-structured-data'  itemprop=\"ImageObject\" itemscope=\"itemscope\" itemtype=\"https:\/\/schema.org\/ImageObject\"  itemprop='image'>\n\t\t\t\t\t   <span itemprop='url' >http:\/\/vrt.majnika.si\/wp-content\/uploads\/2017\/03\/Naravna-pomo\u010d-pri-nespe\u010dnosti.jpg<\/span>\n\t\t\t\t\t   <span itemprop='height' >540<\/span>\n\t\t\t\t\t   <span itemprop='width' >960<\/span>\n\t\t\t\t  <\/span><span class='av-structured-data'  itemprop=\"publisher\" itemtype=\"https:\/\/schema.org\/Organization\" itemscope=\"itemscope\" >\n\t\t\t\t<span itemprop='name'>admin<\/span>\n\t\t\t\t<span itemprop='logo' itemscope itemtype='http:\/\/schema.org\/ImageObject'>\n\t\t\t\t   <span itemprop='url'>http:\/\/majnika.si\/wp-content\/uploads\/2016\/01\/Napis-Majnika-2.png<\/span>\n\t\t\t\t <\/span>\n\t\t\t  <\/span><span class='av-structured-data'  itemprop=\"author\" itemscope=\"itemscope\" itemtype=\"https:\/\/schema.org\/Person\" ><span itemprop='name'>admin<\/span><\/span><span class='av-structured-data'  itemprop=\"datePublished\" datetime=\"2016-01-15T23:24:53+00:00\" >2017-03-12 12:41:48<\/span><span class='av-structured-data'  itemprop=\"dateModified\" itemtype=\"https:\/\/schema.org\/dateModified\" >2017-03-12 12:53:38<\/span><span class='av-structured-data'  itemprop=\"mainEntityOfPage\" itemtype=\"https:\/\/schema.org\/mainEntityOfPage\" ><span itemprop='name'>Video: Kako se boriti proti nespe\u010dnosti z zeli\u0161\u010di? (Dobro jutro Slovenija: Majda Temnik 16.2.2017)<\/span><\/span><\/span><\/article><\/div><div class='slide-entry-wrap'><article class='slide-entry flex_column  post-entry post-entry-929 slide-entry-overview slide-loop-4 slide-parity-odd  av_one_third first real-thumbnail'  itemscope=\"itemscope\" itemtype=\"https:\/\/schema.org\/BlogPosting\" itemprop=\"blogPost\" ><a href='http:\/\/vrt.majnika.si\/it\/z-zeliscnega-vrta-na-mizo-revija-lisa-november-2015\/' data-rel='slide-1' class='slide-image' title=''><img width=\"395\" height=\"250\" src=\"http:\/\/vrt.majnika.si\/wp-content\/uploads\/2016\/03\/revija-Lisa.jpg\" class=\"attachment-portfolio size-portfolio wp-post-image\" alt=\"\" loading=\"lazy\" srcset=\"http:\/\/vrt.majnika.si\/wp-content\/uploads\/2016\/03\/revija-Lisa.jpg 395w, http:\/\/vrt.majnika.si\/wp-content\/uploads\/2016\/03\/revija-Lisa-300x190.jpg 300w\" sizes=\"(max-width: 395px) 100vw, 395px\" \/><\/a><div class='slide-content'><header class=\"entry-content-header\"><h3 class='slide-entry-title entry-title'  itemprop=\"headline\" ><a href='http:\/\/vrt.majnika.si\/it\/z-zeliscnega-vrta-na-mizo-revija-lisa-november-2015\/' title='Z Zeli\u0161\u010dnega vrta na mizo (revija Lisa, november 2015)'>Z Zeli\u0161\u010dnega vrta na mizo (revija Lisa, november 2015)<\/a><\/h3><span class=\"av-vertical-delimiter\"><\/span><\/header><div class='slide-meta'><time class='slide-meta-time updated'  itemprop=\"datePublished\" datetime=\"2016-03-08T22:01:20+00:00\" >8. 3. 2016<\/time><\/div><div class='slide-entry-excerpt entry-content'  itemprop=\"text\" ><div class=\"read-more-link\"><a href=\"http:\/\/vrt.majnika.si\/it\/z-zeliscnega-vrta-na-mizo-revija-lisa-november-2015\/\" class=\"more-link\">Continua a leggere<span class=\"more-link-arrow\"><\/span><\/a><\/div><\/div><\/div><footer class=\"entry-footer\"><\/footer><span class='hidden'>\n\t\t\t<span class='av-structured-data'  itemprop=\"ImageObject\" itemscope=\"itemscope\" itemtype=\"https:\/\/schema.org\/ImageObject\"  itemprop='image'>\n\t\t\t\t\t   <span itemprop='url' >http:\/\/vrt.majnika.si\/wp-content\/uploads\/2016\/03\/revija-Lisa.jpg<\/span>\n\t\t\t\t\t   <span itemprop='height' >250<\/span>\n\t\t\t\t\t   <span itemprop='width' >395<\/span>\n\t\t\t\t  <\/span><span class='av-structured-data'  itemprop=\"publisher\" itemtype=\"https:\/\/schema.org\/Organization\" itemscope=\"itemscope\" >\n\t\t\t\t<span itemprop='name'>admin<\/span>\n\t\t\t\t<span itemprop='logo' itemscope itemtype='http:\/\/schema.org\/ImageObject'>\n\t\t\t\t   <span itemprop='url'>http:\/\/majnika.si\/wp-content\/uploads\/2016\/01\/Napis-Majnika-2.png<\/span>\n\t\t\t\t <\/span>\n\t\t\t  <\/span><span class='av-structured-data'  itemprop=\"author\" itemscope=\"itemscope\" itemtype=\"https:\/\/schema.org\/Person\" ><span itemprop='name'>admin<\/span><\/span><span class='av-structured-data'  itemprop=\"datePublished\" datetime=\"2016-01-15T23:24:53+00:00\" >2016-03-08 22:01:20<\/span><span class='av-structured-data'  itemprop=\"dateModified\" itemtype=\"https:\/\/schema.org\/dateModified\" >2016-03-09 20:10:47<\/span><span class='av-structured-data'  itemprop=\"mainEntityOfPage\" itemtype=\"https:\/\/schema.org\/mainEntityOfPage\" ><span itemprop='name'>Z Zeli\u0161\u010dnega vrta na mizo (revija Lisa, november 2015)<\/span><\/span><\/span><\/article><article class='slide-entry flex_column  post-entry post-entry-919 slide-entry-overview slide-loop-5 slide-parity-even  av_one_third  real-thumbnail'  itemscope=\"itemscope\" itemtype=\"https:\/\/schema.org\/BlogPosting\" itemprop=\"blogPost\" ><a href='http:\/\/vrt.majnika.si\/it\/novice-22-januar-2015\/' data-rel='slide-1' class='slide-image' title=''><img width=\"395\" height=\"250\" src=\"http:\/\/vrt.majnika.si\/wp-content\/uploads\/2016\/03\/Novice.si_.jpg\" class=\"attachment-portfolio size-portfolio wp-post-image\" alt=\"\" loading=\"lazy\" srcset=\"http:\/\/vrt.majnika.si\/wp-content\/uploads\/2016\/03\/Novice.si_.jpg 395w, http:\/\/vrt.majnika.si\/wp-content\/uploads\/2016\/03\/Novice.si_-300x190.jpg 300w\" sizes=\"(max-width: 395px) 100vw, 395px\" \/><\/a><div class='slide-content'><header class=\"entry-content-header\"><h3 class='slide-entry-title entry-title'  itemprop=\"headline\" ><a href='http:\/\/vrt.majnika.si\/it\/novice-22-januar-2015\/' title='Hrana, ki vsebuje kozmi\u010dno energijo (Novice - 22. januar 2015)'>Hrana, ki vsebuje kozmi\u010dno energijo (Novice - 22. januar 2015)<\/a><\/h3><span class=\"av-vertical-delimiter\"><\/span><\/header><div class='slide-meta'><time class='slide-meta-time updated'  itemprop=\"datePublished\" datetime=\"2016-03-08T21:29:46+00:00\" >8. 3. 2016<\/time><\/div><div class='slide-entry-excerpt entry-content'  itemprop=\"text\" ><div class=\"read-more-link\"><a href=\"http:\/\/vrt.majnika.si\/it\/novice-22-januar-2015\/\" class=\"more-link\">Continua a leggere<span class=\"more-link-arrow\"><\/span><\/a><\/div><\/div><\/div><footer class=\"entry-footer\"><\/footer><span class='hidden'>\n\t\t\t<span class='av-structured-data'  itemprop=\"ImageObject\" itemscope=\"itemscope\" itemtype=\"https:\/\/schema.org\/ImageObject\"  itemprop='image'>\n\t\t\t\t\t   <span itemprop='url' >http:\/\/vrt.majnika.si\/wp-content\/uploads\/2016\/03\/Novice.si_.jpg<\/span>\n\t\t\t\t\t   <span itemprop='height' >250<\/span>\n\t\t\t\t\t   <span itemprop='width' >395<\/span>\n\t\t\t\t  <\/span><span class='av-structured-data'  itemprop=\"publisher\" itemtype=\"https:\/\/schema.org\/Organization\" itemscope=\"itemscope\" >\n\t\t\t\t<span itemprop='name'>admin<\/span>\n\t\t\t\t<span itemprop='logo' itemscope itemtype='http:\/\/schema.org\/ImageObject'>\n\t\t\t\t   <span itemprop='url'>http:\/\/majnika.si\/wp-content\/uploads\/2016\/01\/Napis-Majnika-2.png<\/span>\n\t\t\t\t <\/span>\n\t\t\t  <\/span><span class='av-structured-data'  itemprop=\"author\" itemscope=\"itemscope\" itemtype=\"https:\/\/schema.org\/Person\" ><span itemprop='name'>admin<\/span><\/span><span class='av-structured-data'  itemprop=\"datePublished\" datetime=\"2016-01-15T23:24:53+00:00\" >2016-03-08 21:29:46<\/span><span class='av-structured-data'  itemprop=\"dateModified\" itemtype=\"https:\/\/schema.org\/dateModified\" >2016-03-09 20:10:20<\/span><span class='av-structured-data'  itemprop=\"mainEntityOfPage\" itemtype=\"https:\/\/schema.org\/mainEntityOfPage\" ><span itemprop='name'>Hrana, ki vsebuje kozmi\u010dno energijo (Novice - 22. januar 2015)<\/span><\/span><\/span><\/article><article class='slide-entry flex_column  post-entry post-entry-916 slide-entry-overview slide-loop-6 slide-parity-odd  av_one_third  real-thumbnail'  itemscope=\"itemscope\" itemtype=\"https:\/\/schema.org\/BlogPosting\" itemprop=\"blogPost\" ><a href='http:\/\/vrt.majnika.si\/it\/novice-8-oktober-2015\/' data-rel='slide-1' class='slide-image' title=''><img width=\"395\" height=\"250\" src=\"http:\/\/vrt.majnika.si\/wp-content\/uploads\/2016\/03\/Novice.si_.jpg\" class=\"attachment-portfolio size-portfolio wp-post-image\" alt=\"\" loading=\"lazy\" srcset=\"http:\/\/vrt.majnika.si\/wp-content\/uploads\/2016\/03\/Novice.si_.jpg 395w, http:\/\/vrt.majnika.si\/wp-content\/uploads\/2016\/03\/Novice.si_-300x190.jpg 300w\" sizes=\"(max-width: 395px) 100vw, 395px\" \/><\/a><div class='slide-content'><header class=\"entry-content-header\"><h3 class='slide-entry-title entry-title'  itemprop=\"headline\" ><a href='http:\/\/vrt.majnika.si\/it\/novice-8-oktober-2015\/' title='Zeli\u0161\u010dno-kuharski dan na eko zeli\u0161\u010dnem vrtu Majnika (Novice - 8.oktober 2015)'>Zeli\u0161\u010dno-kuharski dan na eko zeli\u0161\u010dnem vrtu Majnika (Novice - 8.oktober 2015)<\/a><\/h3><span class=\"av-vertical-delimiter\"><\/span><\/header><div class='slide-meta'><time class='slide-meta-time updated'  itemprop=\"datePublished\" datetime=\"2016-03-08T21:24:02+00:00\" >8. 3. 2016<\/time><\/div><div class='slide-entry-excerpt entry-content'  itemprop=\"text\" ><div class=\"read-more-link\"><a href=\"http:\/\/vrt.majnika.si\/it\/novice-8-oktober-2015\/\" class=\"more-link\">Continua a leggere<span class=\"more-link-arrow\"><\/span><\/a><\/div><\/div><\/div><footer class=\"entry-footer\"><\/footer><span class='hidden'>\n\t\t\t<span class='av-structured-data'  itemprop=\"ImageObject\" itemscope=\"itemscope\" itemtype=\"https:\/\/schema.org\/ImageObject\"  itemprop='image'>\n\t\t\t\t\t   <span itemprop='url' >http:\/\/vrt.majnika.si\/wp-content\/uploads\/2016\/03\/Novice.si_.jpg<\/span>\n\t\t\t\t\t   <span itemprop='height' >250<\/span>\n\t\t\t\t\t   <span itemprop='width' >395<\/span>\n\t\t\t\t  <\/span><span class='av-structured-data'  itemprop=\"publisher\" itemtype=\"https:\/\/schema.org\/Organization\" itemscope=\"itemscope\" >\n\t\t\t\t<span itemprop='name'>admin<\/span>\n\t\t\t\t<span itemprop='logo' itemscope itemtype='http:\/\/schema.org\/ImageObject'>\n\t\t\t\t   <span itemprop='url'>http:\/\/majnika.si\/wp-content\/uploads\/2016\/01\/Napis-Majnika-2.png<\/span>\n\t\t\t\t <\/span>\n\t\t\t  <\/span><span class='av-structured-data'  itemprop=\"author\" itemscope=\"itemscope\" itemtype=\"https:\/\/schema.org\/Person\" ><span itemprop='name'>admin<\/span><\/span><span class='av-structured-data'  itemprop=\"datePublished\" datetime=\"2016-01-15T23:24:53+00:00\" >2016-03-08 21:24:02<\/span><span class='av-structured-data'  itemprop=\"dateModified\" itemtype=\"https:\/\/schema.org\/dateModified\" >2016-03-09 20:11:05<\/span><span class='av-structured-data'  itemprop=\"mainEntityOfPage\" itemtype=\"https:\/\/schema.org\/mainEntityOfPage\" ><span itemprop='name'>Zeli\u0161\u010dno-kuharski dan na eko zeli\u0161\u010dnem vrtu Majnika (Novice - 8.oktober 2015)<\/span><\/span><\/span><\/article><\/div><div class='slide-entry-wrap'><article class='slide-entry flex_column  post-entry post-entry-810 slide-entry-overview slide-loop-7 slide-parity-odd  post-entry-last  av_one_third first real-thumbnail'  itemscope=\"itemscope\" itemtype=\"https:\/\/schema.org\/BlogPosting\" itemprop=\"blogPost\" ><a href='http:\/\/vrt.majnika.si\/it\/gostovali-smo-v-oddaji-dobro-jutro-na-rtvslo-1\/' data-rel='slide-1' class='slide-image' title=''><img width=\"495\" height=\"400\" src=\"http:\/\/vrt.majnika.si\/wp-content\/uploads\/2016\/01\/Majda-na-RTVSLO-1-495x400.jpg\" class=\"attachment-portfolio size-portfolio wp-post-image\" alt=\"\" loading=\"lazy\" \/><\/a><div class='slide-content'><header class=\"entry-content-header\"><h3 class='slide-entry-title entry-title'  itemprop=\"headline\" ><a href='http:\/\/vrt.majnika.si\/it\/gostovali-smo-v-oddaji-dobro-jutro-na-rtvslo-1\/' title='Gostovali smo v oddaji Dobro jutro na RTVSLO'>Gostovali smo v oddaji Dobro jutro na RTVSLO<\/a><\/h3><span class=\"av-vertical-delimiter\"><\/span><\/header><div class='slide-meta'><time class='slide-meta-time updated'  itemprop=\"datePublished\" datetime=\"2016-01-15T23:24:53+00:00\" >15. 1. 2016<\/time><\/div><div class='slide-entry-excerpt entry-content'  itemprop=\"text\" >\r\n\r\nVir: arhiv multimedijskega\u00a0portala RTVSLO - MMC (18.5.2011)\r\nPovezava\u2026<div class=\"read-more-link\"><a href=\"http:\/\/vrt.majnika.si\/it\/gostovali-smo-v-oddaji-dobro-jutro-na-rtvslo-1\/\" class=\"more-link\">Continua a leggere<span class=\"more-link-arrow\"><\/span><\/a><\/div><\/div><\/div><footer class=\"entry-footer\"><\/footer><span class='hidden'>\n\t\t\t<span class='av-structured-data'  itemprop=\"ImageObject\" itemscope=\"itemscope\" itemtype=\"https:\/\/schema.org\/ImageObject\"  itemprop='image'>\n\t\t\t\t\t   <span itemprop='url' >http:\/\/vrt.majnika.si\/wp-content\/uploads\/2016\/01\/Majda-na-RTVSLO-1.jpg<\/span>\n\t\t\t\t\t   <span itemprop='height' >458<\/span>\n\t\t\t\t\t   <span itemprop='width' >800<\/span>\n\t\t\t\t  <\/span><span class='av-structured-data'  itemprop=\"publisher\" itemtype=\"https:\/\/schema.org\/Organization\" itemscope=\"itemscope\" >\n\t\t\t\t<span itemprop='name'>admin<\/span>\n\t\t\t\t<span itemprop='logo' itemscope itemtype='http:\/\/schema.org\/ImageObject'>\n\t\t\t\t   <span itemprop='url'>http:\/\/majnika.si\/wp-content\/uploads\/2016\/01\/Napis-Majnika-2.png<\/span>\n\t\t\t\t <\/span>\n\t\t\t  <\/span><span class='av-structured-data'  itemprop=\"author\" itemscope=\"itemscope\" itemtype=\"https:\/\/schema.org\/Person\" ><span itemprop='name'>admin<\/span><\/span><span class='av-structured-data'  itemprop=\"datePublished\" datetime=\"2016-01-15T23:24:53+00:00\" >2016-01-15 23:24:53<\/span><span class='av-structured-data'  itemprop=\"dateModified\" itemtype=\"https:\/\/schema.org\/dateModified\" >2018-06-07 09:45:22<\/span><span class='av-structured-data'  itemprop=\"mainEntityOfPage\" itemtype=\"https:\/\/schema.org\/mainEntityOfPage\" ><span itemprop='name'>Gostovali smo v oddaji Dobro jutro na RTVSLO<\/span><\/span><\/span><\/article><\/div><\/div><\/div><\/p>","protected":false},"excerpt":{"rendered":"","protected":false},"author":1,"featured_media":0,"parent":0,"menu_order":0,"comment_status":"closed","ping_status":"closed","template":"","meta":[],"_links":{"self":[{"href":"http:\/\/vrt.majnika.si\/it\/wp-json\/wp\/v2\/pages\/471"}],"collection":[{"href":"http:\/\/vrt.majnika.si\/it\/wp-json\/wp\/v2\/pages"}],"about":[{"href":"http:\/\/vrt.majnika.si\/it\/wp-json\/wp\/v2\/types\/page"}],"author":[{"embeddable":true,"href":"http:\/\/vrt.majnika.si\/it\/wp-json\/wp\/v2\/users\/1"}],"replies":[{"embeddable":true,"href":"http:\/\/vrt.majnika.si\/it\/wp-json\/wp\/v2\/comments?post=471"}],"version-history":[{"count":22,"href":"http:\/\/vrt.majnika.si\/it\/wp-json\/wp\/v2\/pages\/471\/revisions"}],"predecessor-version":[{"id":1182,"href":"http:\/\/vrt.majnika.si\/it\/wp-json\/wp\/v2\/pages\/471\/revisions\/1182"}],"wp:attachment":[{"href":"http:\/\/vrt.majnika.si\/it\/wp-json\/wp\/v2\/media?parent=471"}],"curies":[{"name":"wp","href":"https:\/\/api.w.org\/{rel}","templated":true}]}}